{"id":2470,"date":"2023-05-12T10:00:11","date_gmt":"2023-05-12T10:00:11","guid":{"rendered":"https:\/\/cirque-intense.de\/?page_id=2470"},"modified":"2023-05-12T10:00:12","modified_gmt":"2023-05-12T10:00:12","slug":"archiv-unserer-vergangenen-produktionen","status":"publish","type":"page","link":"https:\/\/cirque-intense.de\/en\/archiv-unserer-vergangenen-produktionen\/","title":{"rendered":"Archiv unserer vergangenen Produktionen"},"content":{"rendered":"<h1>&#8222;Oye como va? &#8211; Hey, wie l\u00e4ufts?&#8220;<\/h1>\n<p style=\"font-weight: 400;\">Freitag 27. Januar 2023 hatte Variet\u00e9-Werkstattauff\u00fchrung 5.0. Premiere.&nbsp;<\/p>\n<p>\u201eOye como va\u201c (Hey, wie l\u00e4uft&#8217;s denn so?) war der Titel des vielf\u00e4ltigen Nummernprogramms der Teilnehmenden am Trainingsprogramm von Cirque Intense. Es war deren Deb\u00fct auf der B\u00fchne. Bemerkenswerte und anspruchsvolle Ger\u00e4te wie der Luftring, der chinesische Mast und das Cyr-Wheel, ein gro\u00dfer Ring aus Stahlrohr, in dem die Ausf\u00fchrende sich festh\u00e4lt und sich um alle m\u00f6glichen Achsen dreht, wurden einem neugierigen Publikum pr\u00e4sentiert. Mit Tanzchoreografien von Karoline St\u00e4chele, Musik von Tilo Wachter und abwechslungsreichen Jonglagen und Akrobatiksequenzen unter der Leitung von Robert Eisele wurde die zeitgen\u00f6ssische Zirkusinszenierung gestaltet.<\/p>\n<p><img decoding=\"async\" class=\"alignnone  wp-image-2445 lazyload\" data-src=\"https:\/\/cirque-intense.de\/wp-content\/uploads\/2023\/02\/EinfachFotostudioA4-Flyer2b-212x300.jpg\" alt=\"\" width=\"570\" height=\"806\" data-srcset=\"https:\/\/cirque-intense.de\/wp-content\/uploads\/2023\/02\/EinfachFotostudioA4-Flyer2b-212x300.jpg 212w, https:\/\/cirque-intense.de\/wp-content\/uploads\/2023\/02\/EinfachFotostudioA4-Flyer2b-724x1024.jpg 724w, https:\/\/cirque-intense.de\/wp-content\/uploads\/2023\/02\/EinfachFotostudioA4-Flyer2b-768x1086.jpg 768w, https:\/\/cirque-intense.de\/wp-content\/uploads\/2023\/02\/EinfachFotostudioA4-Flyer2b-1086x1536.jpg 1086w, https:\/\/cirque-intense.de\/wp-content\/uploads\/2023\/02\/EinfachFotostudioA4-Flyer2b.jpg 1414w\" data-sizes=\"(max-width: 570px) 100vw, 570px\" src=\"data:image\/svg+xml;base64,PHN2ZyB3aWR0aD0iMSIgaGVpZ2h0PSIxIiB4bWxucz0iaHR0cDovL3d3dy53My5vcmcvMjAwMC9zdmciPjwvc3ZnPg==\" style=\"--smush-placeholder-width: 570px; --smush-placeholder-aspect-ratio: 570\/806;\" \/><\/p>","protected":false},"excerpt":{"rendered":"<p>&#8222;Oye como va? &#8211; Hey, wie l\u00e4ufts?&#8220; Freitag 27. Januar 2023 hatte Variet\u00e9-Werkstattauff\u00fchrung 5.0. Premiere.&nbsp; \u201eOye como va\u201c (Hey, wie l\u00e4uft&#8217;s denn so?) war der Titel des vielf\u00e4ltigen Nummernprogramms der Teilnehmenden am Trainingsprogramm von Cirque Intense. Es war deren Deb\u00fct auf der B\u00fchne. Bemerkenswerte und anspruchsvolle Ger\u00e4te wie der Luftring, der chinesische Mast und das &hellip; <\/p>\n<p class=\"link-more\"><a href=\"https:\/\/cirque-intense.de\/en\/archiv-unserer-vergangenen-produktionen\/\" class=\"more-link\">Continue reading<span class=\"screen-reader-text\"> &#8222;Archiv unserer vergangenen Produktionen&#8220;<\/span><\/a><\/p>","protected":false},"author":3,"featured_media":0,"parent":0,"menu_order":0,"comment_status":"closed","ping_status":"closed","template":"","meta":{"ngg_post_thumbnail":0,"footnotes":""},"class_list":["post-2470","page","type-page","status-publish","hentry"],"_links":{"self":[{"href":"https:\/\/cirque-intense.de\/en\/wp-json\/wp\/v2\/pages\/2470","targetHints":{"allow":["GET"]}}],"collection":[{"href":"https:\/\/cirque-intense.de\/en\/wp-json\/wp\/v2\/pages"}],"about":[{"href":"https:\/\/cirque-intense.de\/en\/wp-json\/wp\/v2\/types\/page"}],"author":[{"embeddable":true,"href":"https:\/\/cirque-intense.de\/en\/wp-json\/wp\/v2\/users\/3"}],"replies":[{"embeddable":true,"href":"https:\/\/cirque-intense.de\/en\/wp-json\/wp\/v2\/comments?post=2470"}],"version-history":[{"count":2,"href":"https:\/\/cirque-intense.de\/en\/wp-json\/wp\/v2\/pages\/2470\/revisions"}],"predecessor-version":[{"id":2472,"href":"https:\/\/cirque-intense.de\/en\/wp-json\/wp\/v2\/pages\/2470\/revisions\/2472"}],"wp:attachment":[{"href":"https:\/\/cirque-intense.de\/en\/wp-json\/wp\/v2\/media?parent=2470"}],"curies":[{"name":"wp","href":"https:\/\/api.w.org\/{rel}","templated":true}]}}